{"id":810,"date":"2023-10-19T09:29:02","date_gmt":"2023-10-19T07:29:02","guid":{"rendered":"http:\/\/paideias.it.w01dfde4.kasserver.com\/wp\/asili-nido\/"},"modified":"2025-12-10T10:41:11","modified_gmt":"2025-12-10T09:41:11","slug":"microstrutture","status":"publish","type":"page","link":"https:\/\/paideias.it\/it\/microstrutture\/","title":{"rendered":"Microstrutture"},"content":{"rendered":"[vc_row type=&#8221;full_width_content&#8221; full_screen_row_position=&#8221;middle&#8221; column_margin=&#8221;default&#8221; column_direction=&#8221;default&#8221; column_direction_tablet=&#8221;default&#8221; column_direction_phone=&#8221;default&#8221; scene_position=&#8221;center&#8221; text_color=&#8221;dark&#8221; text_align=&#8221;left&#8221; row_border_radius=&#8221;none&#8221; row_border_radius_applies=&#8221;bg&#8221; overflow=&#8221;visible&#8221; overlay_strength=&#8221;0.3&#8243; gradient_direction=&#8221;left_to_right&#8221; shape_divider_position=&#8221;bottom&#8221; bg_image_animation=&#8221;none&#8221; gradient_type=&#8221;default&#8221; shape_type=&#8221;&#8221;][vc_column column_padding=&#8221;no-extra-padding&#8221; column_padding_tablet=&#8221;inherit&#8221; column_padding_phone=&#8221;inherit&#8221; column_padding_position=&#8221;all&#8221; column_element_direction_desktop=&#8221;default&#8221; column_element_spacing=&#8221;default&#8221; desktop_text_alignment=&#8221;default&#8221; tablet_text_alignment=&#8221;default&#8221; phone_text_alignment=&#8221;default&#8221; background_color_opacity=&#8221;1&#8243; background_hover_color_opacity=&#8221;1&#8243; column_backdrop_filter=&#8221;none&#8221; column_shadow=&#8221;none&#8221; column_border_radius=&#8221;none&#8221; column_link_target=&#8221;_self&#8221; column_position=&#8221;default&#8221; gradient_direction=&#8221;left_to_right&#8221; overlay_strength=&#8221;0.3&#8243; width=&#8221;1\/1&#8243; tablet_width_inherit=&#8221;default&#8221; animation_type=&#8221;default&#8221; bg_image_animation=&#8221;none&#8221; border_type=&#8221;simple&#8221; column_border_width=&#8221;none&#8221; column_border_style=&#8221;solid&#8221;]<div  data-transition=\"slide\" data-overall_style=\"classic\" data-flexible-height=\"\" data-animate-in-effect=\"none\" data-fullscreen=\"false\" data-button-sizing=\"regular\" data-button-styling=\"btn_with_count\" data-autorotate=\"\" data-parallax=\"false\" data-parallax-disable-mobile=\"\" data-caption-trans=\"fade_in_from_bottom\" data-parallax-style=\"bg_only\" data-bg-animation=\"none\" data-full-width=\"false\" class=\"nectar-slider-wrap \" id=\"nectar-slider-instance-1\"><div class=\"swiper-container\"  data-tho=\"auto\" data-tco=\"auto\" data-pho=\"auto\" data-pco=\"auto\" data-loop=\"false\" data-height=\"950\" data-min-height=\"\" data-arrows=\"true\" data-bullets=\"true\" data-bullet_style=\"see_through\" data-bullet_position=\"bottom\" data-desktop-swipe=\"false\" data-settings=\"\"> <div class=\"swiper-wrapper\"><div class=\"swiper-slide\" data-desktop-content-width=\"\" data-tablet-content-width=\"\" data-bg-alignment=\"center\" data-color-scheme=\"light\" data-x-pos=\"center\" data-y-pos=\"middle\" ><div class=\"slide-bg-wrap\"><div class=\"image-bg\" style=\"background-image: url(https:\/\/paideias.it\/wp\/wp-content\/uploads\/2024\/10\/Paideias-023.jpg);\"> &nbsp; <\/div><\/div><div class=\"video-texture \"> <span class=\"ie-fix\"><\/span> <\/div><\/div> <!--\/swiper-slide--><div class=\"swiper-slide\" data-desktop-content-width=\"\" data-tablet-content-width=\"\" data-bg-alignment=\"center\" data-color-scheme=\"light\" data-x-pos=\"center\" data-y-pos=\"middle\" ><div class=\"slide-bg-wrap\"><div class=\"image-bg\" style=\"background-image: url(https:\/\/paideias.it\/wp\/wp-content\/uploads\/2024\/11\/Kinderbetreuung-paideias-09.jpg);\"> &nbsp; <\/div><\/div><div class=\"video-texture \"> <span class=\"ie-fix\"><\/span> <\/div><\/div> <!--\/swiper-slide--><div class=\"swiper-slide\" data-desktop-content-width=\"\" data-tablet-content-width=\"\" data-bg-alignment=\"center\" data-color-scheme=\"light\" data-x-pos=\"center\" data-y-pos=\"middle\" ><div class=\"slide-bg-wrap\"><div class=\"image-bg\" style=\"background-image: url(https:\/\/paideias.it\/wp\/wp-content\/uploads\/2024\/11\/Kinderbetreuung-paideias-16.jpg);\"> &nbsp; <\/div><\/div><div class=\"video-texture \"> <span class=\"ie-fix\"><\/span> <\/div><\/div> <!--\/swiper-slide--><\/div><a href=\"#\" aria-label=\"Previous\" class=\"slider-prev\"><i class=\"icon-salient-left-arrow\"><\/i> <div class=\"slide-count\"> <span class=\"slide-current\">1<\/span> <i class=\"icon-salient-right-line\"><\/i> <span class=\"slide-total\"><\/span> <\/div> <\/a>\n\t\t\t\t\t\t<a href=\"#\" aria-label=\"Next\" class=\"slider-next\"><i class=\"icon-salient-right-arrow\"><\/i> <div class=\"slide-count\"> <span class=\"slide-current\">1<\/span> <i class=\"icon-salient-right-line\"><\/i> <span class=\"slide-total\"><\/span> <\/div> <\/a><div class=\"container normal-container slider-pagination-wrap\"><div class=\"slider-pagination\"><\/div><\/div><div class=\"nectar-slider-loading \"> <span class=\"loading-icon none\">   <\/span> <\/div> <\/div> \n\t\t\t\t\t\n\t\t\t\t\t<\/div>[\/vc_column][\/vc_row][vc_row type=&#8221;full_width_background&#8221; full_screen_row_position=&#8221;middle&#8221; column_margin=&#8221;none&#8221; equal_height=&#8221;yes&#8221; content_placement=&#8221;middle&#8221; column_direction=&#8221;default&#8221; column_direction_tablet=&#8221;default&#8221; column_direction_phone=&#8221;default&#8221; scene_position=&#8221;center&#8221; top_padding=&#8221;5%&#8221; constrain_group_1=&#8221;yes&#8221; bottom_padding=&#8221;5%&#8221; top_padding_tablet=&#8221;8%&#8221; constrain_group_3=&#8221;yes&#8221; bottom_padding_tablet=&#8221;8%&#8221; top_padding_phone=&#8221;7%&#8221; constrain_group_5=&#8221;yes&#8221; bottom_padding_phone=&#8221;7%&#8221; text_color=&#8221;dark&#8221; text_align=&#8221;left&#8221; row_border_radius=&#8221;none&#8221; row_border_radius_applies=&#8221;bg&#8221; overflow=&#8221;visible&#8221; overlay_strength=&#8221;0.3&#8243; gradient_direction=&#8221;left_to_right&#8221; shape_divider_position=&#8221;bottom&#8221; bg_image_animation=&#8221;none&#8221; gradient_type=&#8221;default&#8221; shape_type=&#8221;&#8221;][vc_column right_padding_desktop=&#8221;10%&#8221; right_padding_phone=&#8221;0&#8243; bottom_margin_tablet=&#8221;10%&#8221; column_element_direction_desktop=&#8221;default&#8221; column_element_spacing=&#8221;default&#8221; desktop_text_alignment=&#8221;default&#8221; tablet_text_alignment=&#8221;default&#8221; phone_text_alignment=&#8221;default&#8221; background_color_opacity=&#8221;1&#8243; background_hover_color_opacity=&#8221;1&#8243; column_backdrop_filter=&#8221;none&#8221; column_shadow=&#8221;none&#8221; column_border_radius=&#8221;none&#8221; column_link_target=&#8221;_self&#8221; column_position=&#8221;default&#8221; advanced_gradient_angle=&#8221;0&#8243; gradient_direction=&#8221;left_to_right&#8221; overlay_strength=&#8221;0.8&#8243; width=&#8221;1\/2&#8243; tablet_width_inherit=&#8221;default&#8221; animation_type=&#8221;default&#8221; bg_image_animation=&#8221;none&#8221; border_type=&#8221;simple&#8221; column_border_width=&#8221;none&#8221; column_border_style=&#8221;solid&#8221; gradient_type=&#8221;default&#8221; column_padding_type=&#8221;advanced&#8221;][vc_row_inner column_margin=&#8221;none&#8221; column_direction=&#8221;default&#8221; column_direction_tablet=&#8221;default&#8221; column_direction_phone=&#8221;default&#8221; right_padding_tablet=&#8221;5%&#8221; right_padding_phone=&#8221;3%&#8221; text_align=&#8221;left&#8221; row_position=&#8221;default&#8221; row_position_tablet=&#8221;inherit&#8221; row_position_phone=&#8221;inherit&#8221; overflow=&#8221;visible&#8221; pointer_events=&#8221;all&#8221;][vc_column_inner column_padding=&#8221;no-extra-padding&#8221; column_padding_tablet=&#8221;inherit&#8221; column_padding_phone=&#8221;inherit&#8221; column_padding_position=&#8221;all&#8221; column_element_direction_desktop=&#8221;default&#8221; column_element_spacing=&#8221;0px&#8221; desktop_text_alignment=&#8221;default&#8221; tablet_text_alignment=&#8221;default&#8221; phone_text_alignment=&#8221;default&#8221; background_color_opacity=&#8221;1&#8243; background_hover_color_opacity=&#8221;1&#8243; column_backdrop_filter=&#8221;none&#8221; column_shadow=&#8221;none&#8221; column_border_radius=&#8221;none&#8221; column_link_target=&#8221;_self&#8221; overflow=&#8221;visible&#8221; advanced_gradient_angle=&#8221;0&#8243; gradient_direction=&#8221;left_to_right&#8221; overlay_strength=&#8221;0.3&#8243; width=&#8221;1\/1&#8243; tablet_width_inherit=&#8221;default&#8221; animation_type=&#8221;default&#8221; bg_image_animation=&#8221;none&#8221; border_type=&#8221;simple&#8221; column_border_width=&#8221;none&#8221; column_border_style=&#8221;solid&#8221; gradient_type=&#8221;default&#8221; column_padding_type=&#8221;default&#8221;][nectar_responsive_text inherited_font_style=&#8221;default&#8221; font_size_max=&#8221;50px&#8221; text_color=&#8221;#303030&#8243; font_size_desktop=&#8221;2vw&#8221; font_line_height=&#8221;1.2&#8243; font_size_phone=&#8221;6vw&#8221; font_size_tablet=&#8221;4vw&#8221; text_direction=&#8221;default&#8221;]\n<h1>Le nostre microstrutture<\/h1>\n[\/nectar_responsive_text][divider line_type=&#8221;No Line&#8221; custom_height=&#8221;20&#8243;][nectar_responsive_text inherited_font_style=&#8221;default&#8221; font_size_min=&#8221;16px&#8221; font_size_max=&#8221;20px&#8221; font_size_desktop=&#8221;1.1vw&#8221; font_line_height=&#8221;1.6&#8243; text_direction=&#8221;default&#8221; link_href=&#8221;https:\/\/paideias.it\/it\/costo-assistenza\/&#8221;]Die Sozialgenossenschaft Paideias betreibt sechs Kindertagesst\u00e4tten, zwei davon in St. Michael\/Eppan, eine in St. Pauls, Andrian und zwei in Lana.<br \/>\nF\u00fcr die Kinderbetreuung in den Einrichtungen wird ein Stundensatz berechnet, der auch von der Gemeinde und der Autonomen Provinz Bozen mitgetragen wird. Die von den Familien zu zahlenden Geb\u00fchren werden von der Landesregierung festgelegt (Beschluss des Provinzialrats Nr. 666 vom 30. Juli 2019) &#8211; siehe Kosten.[\/nectar_responsive_text][\/vc_column_inner][\/vc_row_inner][\/vc_column][vc_column column_padding=&#8221;padding-5-percent&#8221; column_padding_tablet=&#8221;inherit&#8221; column_padding_phone=&#8221;inherit&#8221; column_padding_position=&#8221;left-right&#8221; column_element_direction_desktop=&#8221;default&#8221; column_element_spacing=&#8221;0px&#8221; desktop_text_alignment=&#8221;default&#8221; tablet_text_alignment=&#8221;default&#8221; phone_text_alignment=&#8221;default&#8221; background_color_opacity=&#8221;1&#8243; background_hover_color_opacity=&#8221;1&#8243; background_image=&#8221;432&#8243; background_image_position=&#8221;center center&#8221; background_image_stacking=&#8221;default&#8221; background_image_loading=&#8221;default&#8221; column_backdrop_filter=&#8221;none&#8221; column_shadow=&#8221;none&#8221; column_border_radius=&#8221;20px&#8221; column_link_target=&#8221;_self&#8221; column_position=&#8221;relative&#8221; advanced_gradient_angle=&#8221;180&#8243; gradient_direction=&#8221;left_to_right&#8221; overlay_strength=&#8221;0.3&#8243; width=&#8221;1\/2&#8243; tablet_width_inherit=&#8221;default&#8221; animation_type=&#8221;default&#8221; bg_image_animation=&#8221;none&#8221; border_type=&#8221;simple&#8221; column_border_width=&#8221;none&#8221; column_border_style=&#8221;solid&#8221; gradient_type=&#8221;default&#8221; column_padding_type=&#8221;default&#8221;][divider line_type=&#8221;No Line&#8221; custom_height=&#8221;250&#8243;][\/vc_column][\/vc_row][vc_row type=&#8221;full_width_background&#8221; full_screen_row_position=&#8221;middle&#8221; column_margin=&#8221;default&#8221; column_direction=&#8221;default&#8221; column_direction_tablet=&#8221;default&#8221; column_direction_phone=&#8221;default&#8221; bg_color=&#8221;#fee6c3&#8243; scene_position=&#8221;center&#8221; top_padding=&#8221;3%&#8221; bottom_padding=&#8221;4%&#8221; text_color=&#8221;dark&#8221; text_align=&#8221;left&#8221; row_border_radius=&#8221;none&#8221; row_border_radius_applies=&#8221;bg&#8221; overflow=&#8221;visible&#8221; overlay_strength=&#8221;0.95&#8243; gradient_direction=&#8221;left_to_right&#8221; shape_divider_position=&#8221;bottom&#8221; bg_image_animation=&#8221;none&#8221; shape_type=&#8221;&#8221; gradient_type=&#8221;default&#8221;][vc_column column_padding=&#8221;no-extra-padding&#8221; column_padding_tablet=&#8221;inherit&#8221; column_padding_phone=&#8221;inherit&#8221; column_padding_position=&#8221;all&#8221; column_element_direction_desktop=&#8221;default&#8221; column_element_spacing=&#8221;default&#8221; desktop_text_alignment=&#8221;default&#8221; tablet_text_alignment=&#8221;default&#8221; phone_text_alignment=&#8221;default&#8221; background_color_opacity=&#8221;1&#8243; background_hover_color_opacity=&#8221;1&#8243; column_backdrop_filter=&#8221;none&#8221; column_shadow=&#8221;none&#8221; column_border_radius=&#8221;none&#8221; column_link_target=&#8221;_self&#8221; column_position=&#8221;default&#8221; gradient_direction=&#8221;left_to_right&#8221; overlay_strength=&#8221;0.3&#8243; width=&#8221;1\/1&#8243; tablet_width_inherit=&#8221;default&#8221; animation_type=&#8221;default&#8221; bg_image_animation=&#8221;none&#8221; border_type=&#8221;simple&#8221; column_border_width=&#8221;none&#8221; column_border_style=&#8221;solid&#8221;][vc_row_inner column_margin=&#8221;default&#8221; column_direction=&#8221;default&#8221; column_direction_tablet=&#8221;default&#8221; column_direction_phone=&#8221;default&#8221; bottom_padding=&#8221;3%&#8221; text_align=&#8221;left&#8221; row_position=&#8221;default&#8221; row_position_tablet=&#8221;inherit&#8221; row_position_phone=&#8221;inherit&#8221; overflow=&#8221;visible&#8221; pointer_events=&#8221;all&#8221;][vc_column_inner column_padding=&#8221;no-extra-padding&#8221; column_padding_tablet=&#8221;inherit&#8221; column_padding_phone=&#8221;inherit&#8221; column_padding_position=&#8221;all&#8221; column_element_direction_desktop=&#8221;default&#8221; column_element_spacing=&#8221;default&#8221; desktop_text_alignment=&#8221;default&#8221; tablet_text_alignment=&#8221;default&#8221; phone_text_alignment=&#8221;default&#8221; background_color_opacity=&#8221;1&#8243; background_hover_color_opacity=&#8221;1&#8243; column_backdrop_filter=&#8221;none&#8221; column_shadow=&#8221;none&#8221; column_border_radius=&#8221;none&#8221; column_link_target=&#8221;_self&#8221; overflow=&#8221;visible&#8221; gradient_direction=&#8221;left_to_right&#8221; overlay_strength=&#8221;0.3&#8243; width=&#8221;5\/6&#8243; tablet_width_inherit=&#8221;default&#8221; animation_type=&#8221;default&#8221; bg_image_animation=&#8221;none&#8221; border_type=&#8221;simple&#8221; column_border_width=&#8221;none&#8221; column_border_style=&#8221;solid&#8221;][vc_custom_heading text=&#8221;Il vostro bambino \u00e8 al centro dell&#8217;attenzione&#8221; font_container=&#8221;tag:h1|text_align:left&#8221; use_theme_fonts=&#8221;yes&#8221; css=&#8221;.vc_custom_1754303550947{padding-bottom: 20px !important;}&#8221;][vc_column_text css=&#8221;&#8221; text_direction=&#8221;default&#8221;]\n<p style=\"text-align: left;\">Die Kinder werden professionell und liebevoll in zwei Sprachen betreut.<br \/>\nUnser Tagesablauf beinhaltet freies Spiel und Zeit zum Basteln, Malen und Singen oder f\u00fcr Aktivit\u00e4ten im Freien. F\u00fcr den Mittagsschlaf gibt es einen eigenen gem\u00fctlichen Raum. Die Zwischenmahlzeiten und das Mittagessen werden von unseren K\u00f6chinnen in der eigenen K\u00fcche zubereitet.<\/p>\n[\/vc_column_text][\/vc_column_inner][vc_column_inner column_padding=&#8221;no-extra-padding&#8221; column_padding_tablet=&#8221;inherit&#8221; column_padding_phone=&#8221;inherit&#8221; column_padding_position=&#8221;all&#8221; column_element_direction_desktop=&#8221;default&#8221; column_element_spacing=&#8221;default&#8221; desktop_text_alignment=&#8221;default&#8221; tablet_text_alignment=&#8221;default&#8221; phone_text_alignment=&#8221;default&#8221; background_color_opacity=&#8221;1&#8243; background_hover_color_opacity=&#8221;1&#8243; column_backdrop_filter=&#8221;none&#8221; column_shadow=&#8221;none&#8221; column_border_radius=&#8221;none&#8221; column_link_target=&#8221;_self&#8221; overflow=&#8221;visible&#8221; gradient_direction=&#8221;left_to_right&#8221; overlay_strength=&#8221;0.3&#8243; width=&#8221;1\/6&#8243; tablet_width_inherit=&#8221;default&#8221; animation_type=&#8221;default&#8221; bg_image_animation=&#8221;none&#8221; border_type=&#8221;simple&#8221; column_border_width=&#8221;none&#8221; column_border_style=&#8221;solid&#8221;][\/vc_column_inner][\/vc_row_inner][vc_row_inner equal_height=&#8221;yes&#8221; content_placement=&#8221;top&#8221; column_margin=&#8221;30px&#8221; column_direction=&#8221;default&#8221; column_direction_tablet=&#8221;default&#8221; column_direction_phone=&#8221;default&#8221; text_align=&#8221;left&#8221; row_position=&#8221;default&#8221; row_position_tablet=&#8221;inherit&#8221; row_position_phone=&#8221;inherit&#8221; overflow=&#8221;visible&#8221; pointer_events=&#8221;all&#8221;][vc_column_inner column_padding=&#8221;padding-4-percent&#8221; column_padding_tablet=&#8221;inherit&#8221; column_padding_phone=&#8221;inherit&#8221; column_padding_position=&#8221;all&#8221; column_element_direction_desktop=&#8221;default&#8221; column_element_spacing=&#8221;default&#8221; desktop_text_alignment=&#8221;default&#8221; tablet_text_alignment=&#8221;default&#8221; phone_text_alignment=&#8221;default&#8221; background_color=&#8221;#ffffff&#8221; background_color_opacity=&#8221;1&#8243; background_hover_color_opacity=&#8221;1&#8243; column_backdrop_filter=&#8221;none&#8221; column_shadow=&#8221;none&#8221; column_border_radius=&#8221;15px&#8221; column_link_target=&#8221;_self&#8221; overflow=&#8221;visible&#8221; gradient_direction=&#8221;left_to_right&#8221; overlay_strength=&#8221;0.3&#8243; width=&#8221;1\/2&#8243; tablet_width_inherit=&#8221;default&#8221; animation_type=&#8221;default&#8221; bg_image_animation=&#8221;none&#8221; border_type=&#8221;simple&#8221; column_border_width=&#8221;none&#8221; column_border_style=&#8221;solid&#8221; column_padding_type=&#8221;default&#8221; gradient_type=&#8221;default&#8221;][vc_custom_heading text=&#8221;KITA Villa Zebra&#8221; use_theme_fonts=&#8221;yes&#8221;][vc_column_text css=&#8221;&#8221; text_direction=&#8221;default&#8221;]<strong>Mo &#8211; Fr 7:30\u201315:00<br \/>\n<\/strong><strong><strong>F\u00fcr Kinder von 3 Monaten bis 3 Jahren<\/strong><\/strong>[\/vc_column_text][nectar_btn size=&#8221;jumbo&#8221; button_style=&#8221;regular&#8221; button_color_2=&#8221;Accent-Color&#8221; icon_family=&#8221;none&#8221; text=&#8221;Iscrizione&#8221; url=&#8221;https:\/\/paideias.it\/it\/iscrizione\/&#8221;][vc_gallery css=&#8221;&#8221; type=&#8221;flickity_style&#8221; images=&#8221;763,695,761,694,693,691,690,686,689,759,758,760,762&#8243; flickity_spacing=&#8221;5px&#8221; flickity_controls=&#8221;pagination&#8221; flickity_overflow=&#8221;hidden&#8221; flickity_wrap_around=&#8221;wrap&#8221; flickity_desktop_columns=&#8221;2&#8243; flickity_small_desktop_columns=&#8221;1&#8243; flickity_tablet_columns=&#8221;1&#8243; flickity_phone_columns=&#8221;1&#8243; flickity_free_scroll=&#8221;true&#8221; flickity_box_shadow=&#8221;none&#8221; image_loading=&#8221;default&#8221; onclick=&#8221;link_image&#8221; img_size=&#8221;600&#215;600&#8243;][vc_column_text css=&#8221;&#8221; text_direction=&#8221;default&#8221;]La nostra struttura Villa Zebra a San Michele\/Appiano \u00e8 stato aperta nell&#8217;ottobre 2017.[\/vc_column_text][divider line_type=&#8221;No Line&#8221; custom_height=&#8221;30&#8243;][\/vc_column_inner][vc_column_inner column_padding=&#8221;padding-4-percent&#8221; column_padding_tablet=&#8221;inherit&#8221; column_padding_phone=&#8221;inherit&#8221; column_padding_position=&#8221;all&#8221; column_element_direction_desktop=&#8221;default&#8221; column_element_spacing=&#8221;default&#8221; desktop_text_alignment=&#8221;default&#8221; tablet_text_alignment=&#8221;default&#8221; phone_text_alignment=&#8221;default&#8221; background_color=&#8221;#ffffff&#8221; background_color_opacity=&#8221;1&#8243; background_hover_color_opacity=&#8221;1&#8243; column_backdrop_filter=&#8221;none&#8221; column_shadow=&#8221;none&#8221; column_border_radius=&#8221;15px&#8221; column_link_target=&#8221;_self&#8221; overflow=&#8221;visible&#8221; gradient_direction=&#8221;left_to_right&#8221; overlay_strength=&#8221;0.3&#8243; width=&#8221;1\/2&#8243; tablet_width_inherit=&#8221;default&#8221; animation_type=&#8221;default&#8221; bg_image_animation=&#8221;none&#8221; border_type=&#8221;simple&#8221; column_border_width=&#8221;none&#8221; column_border_style=&#8221;solid&#8221; column_padding_type=&#8221;default&#8221; gradient_type=&#8221;default&#8221;][vc_custom_heading text=&#8221;KITA Villa Panda&#8221; use_theme_fonts=&#8221;yes&#8221;][vc_column_text css=&#8221;&#8221; text_direction=&#8221;default&#8221;]<strong>Mo &#8211; Fr 7:30\u201315:00<br \/>\n<\/strong><strong>F\u00fcr Kinder von 3 Monaten bis 3 Jahren<\/strong>[\/vc_column_text][nectar_btn size=&#8221;jumbo&#8221; button_style=&#8221;regular&#8221; button_color_2=&#8221;Accent-Color&#8221; icon_family=&#8221;none&#8221; text=&#8221;Iscrizione&#8221; url=&#8221;https:\/\/paideias.it\/it\/iscrizione\/&#8221;][vc_gallery css=&#8221;&#8221; type=&#8221;flickity_style&#8221; images=&#8221;752,749,747,746,753&#8243; flickity_spacing=&#8221;5px&#8221; flickity_controls=&#8221;pagination&#8221; flickity_overflow=&#8221;hidden&#8221; flickity_wrap_around=&#8221;wrap&#8221; flickity_desktop_columns=&#8221;2&#8243; flickity_small_desktop_columns=&#8221;1&#8243; flickity_tablet_columns=&#8221;1&#8243; flickity_phone_columns=&#8221;1&#8243; flickity_free_scroll=&#8221;true&#8221; flickity_box_shadow=&#8221;none&#8221; image_loading=&#8221;default&#8221; onclick=&#8221;link_image&#8221; img_size=&#8221;600&#215;600&#8243;][vc_column_text css=&#8221;&#8221; text_direction=&#8221;default&#8221;]La nostra seconda struttura, Villa Panda, \u00e8 stata aperta a dicembre 2018 nello stesso edificio di Villa Zebra. Villa Panda ha pi\u00f9 spazio, una propria terrazza per l&#8217;estate e ospita la cucina.[\/vc_column_text][divider line_type=&#8221;No Line&#8221; custom_height=&#8221;30&#8243;][\/vc_column_inner][\/vc_row_inner][vc_row_inner equal_height=&#8221;yes&#8221; content_placement=&#8221;top&#8221; column_margin=&#8221;30px&#8221; column_direction=&#8221;default&#8221; column_direction_tablet=&#8221;default&#8221; column_direction_phone=&#8221;default&#8221; text_align=&#8221;left&#8221; row_position=&#8221;default&#8221; row_position_tablet=&#8221;inherit&#8221; row_position_phone=&#8221;inherit&#8221; overflow=&#8221;visible&#8221; pointer_events=&#8221;all&#8221;][vc_column_inner column_padding=&#8221;padding-4-percent&#8221; column_padding_tablet=&#8221;inherit&#8221; column_padding_phone=&#8221;inherit&#8221; column_padding_position=&#8221;all&#8221; column_element_direction_desktop=&#8221;default&#8221; column_element_spacing=&#8221;default&#8221; desktop_text_alignment=&#8221;default&#8221; tablet_text_alignment=&#8221;default&#8221; phone_text_alignment=&#8221;default&#8221; background_color=&#8221;#ffffff&#8221; background_color_opacity=&#8221;1&#8243; background_hover_color_opacity=&#8221;1&#8243; column_backdrop_filter=&#8221;none&#8221; column_shadow=&#8221;none&#8221; column_border_radius=&#8221;15px&#8221; column_link_target=&#8221;_self&#8221; overflow=&#8221;visible&#8221; gradient_direction=&#8221;left_to_right&#8221; overlay_strength=&#8221;0.3&#8243; width=&#8221;1\/2&#8243; tablet_width_inherit=&#8221;default&#8221; animation_type=&#8221;default&#8221; bg_image_animation=&#8221;none&#8221; border_type=&#8221;simple&#8221; column_border_width=&#8221;none&#8221; column_border_style=&#8221;solid&#8221; column_padding_type=&#8221;default&#8221; gradient_type=&#8221;default&#8221;][vc_custom_heading text=&#8221;KITA San Paolo&#8221; use_theme_fonts=&#8221;yes&#8221; css=&#8221;&#8221;][vc_column_text css=&#8221;&#8221; text_direction=&#8221;default&#8221;]<strong>Mo \u2013 Fr 7:30\u201315:00<br \/>\n<\/strong><strong>F\u00fcr Kinder von 3 Monaten bis 3 Jahren<\/strong>[\/vc_column_text][nectar_btn size=&#8221;jumbo&#8221; button_style=&#8221;regular&#8221; button_color_2=&#8221;Accent-Color&#8221; icon_family=&#8221;none&#8221; text=&#8221;Iscrizione&#8221; url=&#8221;https:\/\/paideias.it\/it\/iscrizione\/&#8221;][vc_gallery css=&#8221;&#8221; type=&#8221;flickity_style&#8221; images=&#8221;756,754&#8243; flickity_spacing=&#8221;5px&#8221; flickity_controls=&#8221;pagination&#8221; flickity_overflow=&#8221;hidden&#8221; flickity_wrap_around=&#8221;wrap&#8221; flickity_desktop_columns=&#8221;2&#8243; flickity_small_desktop_columns=&#8221;1&#8243; flickity_tablet_columns=&#8221;1&#8243; flickity_phone_columns=&#8221;1&#8243; flickity_free_scroll=&#8221;true&#8221; flickity_box_shadow=&#8221;none&#8221; image_loading=&#8221;default&#8221; onclick=&#8221;link_image&#8221; img_size=&#8221;600&#215;600&#8243;][vc_column_text css=&#8221;&#8221; text_direction=&#8221;default&#8221;]La nostra nuova microstruttura a San Paolo \u00e8 stata realizzata nel gennaio 2020. I locali dell&#8217;ex gruppo giochi sono stati trasformati in una strutura e offre spazio per 20 bambini.[\/vc_column_text][divider line_type=&#8221;No Line&#8221; custom_height=&#8221;30&#8243;][\/vc_column_inner][vc_column_inner column_padding=&#8221;padding-4-percent&#8221; column_padding_tablet=&#8221;inherit&#8221; column_padding_phone=&#8221;inherit&#8221; column_padding_position=&#8221;all&#8221; column_element_direction_desktop=&#8221;default&#8221; column_element_spacing=&#8221;default&#8221; desktop_text_alignment=&#8221;default&#8221; tablet_text_alignment=&#8221;default&#8221; phone_text_alignment=&#8221;default&#8221; background_color=&#8221;#ffffff&#8221; background_color_opacity=&#8221;1&#8243; background_hover_color_opacity=&#8221;1&#8243; column_backdrop_filter=&#8221;none&#8221; column_shadow=&#8221;none&#8221; column_border_radius=&#8221;15px&#8221; column_link_target=&#8221;_self&#8221; overflow=&#8221;visible&#8221; gradient_direction=&#8221;left_to_right&#8221; overlay_strength=&#8221;0.3&#8243; width=&#8221;1\/2&#8243; tablet_width_inherit=&#8221;default&#8221; animation_type=&#8221;default&#8221; bg_image_animation=&#8221;none&#8221; border_type=&#8221;simple&#8221; column_border_width=&#8221;none&#8221; column_border_style=&#8221;solid&#8221; column_padding_type=&#8221;default&#8221; gradient_type=&#8221;default&#8221;][vc_custom_heading text=&#8221;KITA Andriano&#8221; use_theme_fonts=&#8221;yes&#8221; css=&#8221;&#8221;][vc_column_text css=&#8221;&#8221; text_direction=&#8221;default&#8221;]<strong>Mo \u2013 Fr 7:30\u201315:00<br \/>\n<\/strong><strong>F\u00fcr Kinder von 3 Monaten bis 3 Jahren<\/strong>[\/vc_column_text][nectar_btn size=&#8221;jumbo&#8221; button_style=&#8221;regular&#8221; button_color_2=&#8221;Accent-Color&#8221; icon_family=&#8221;none&#8221; text=&#8221;Iscrizione&#8221; url=&#8221;https:\/\/paideias.it\/it\/iscrizione\/&#8221;][vc_gallery css=&#8221;&#8221; type=&#8221;flickity_style&#8221; images=&#8221;728,734,738,737,736,735,732,730&#8243; flickity_spacing=&#8221;5px&#8221; flickity_controls=&#8221;pagination&#8221; flickity_overflow=&#8221;hidden&#8221; flickity_wrap_around=&#8221;wrap&#8221; flickity_desktop_columns=&#8221;2&#8243; flickity_small_desktop_columns=&#8221;1&#8243; flickity_tablet_columns=&#8221;1&#8243; flickity_phone_columns=&#8221;1&#8243; flickity_free_scroll=&#8221;true&#8221; flickity_box_shadow=&#8221;none&#8221; image_loading=&#8221;default&#8221; onclick=&#8221;link_image&#8221; img_size=&#8221;600&#215;600&#8243;][vc_column_text css=&#8221;&#8221; text_direction=&#8221;default&#8221;]La nostra nuova struttura ad Andriano \u00e8 stata inaugurata nell&#8217;ottobre 2020.[\/vc_column_text][divider line_type=&#8221;No Line&#8221; custom_height=&#8221;30&#8243;][\/vc_column_inner][\/vc_row_inner][vc_row_inner equal_height=&#8221;yes&#8221; content_placement=&#8221;top&#8221; column_margin=&#8221;30px&#8221; column_direction=&#8221;default&#8221; column_direction_tablet=&#8221;default&#8221; column_direction_phone=&#8221;default&#8221; text_align=&#8221;left&#8221; row_position=&#8221;default&#8221; row_position_tablet=&#8221;inherit&#8221; row_position_phone=&#8221;inherit&#8221; overflow=&#8221;visible&#8221; pointer_events=&#8221;all&#8221;][vc_column_inner column_padding=&#8221;padding-4-percent&#8221; column_padding_tablet=&#8221;inherit&#8221; column_padding_phone=&#8221;inherit&#8221; column_padding_position=&#8221;all&#8221; column_element_direction_desktop=&#8221;default&#8221; column_element_spacing=&#8221;default&#8221; desktop_text_alignment=&#8221;default&#8221; tablet_text_alignment=&#8221;default&#8221; phone_text_alignment=&#8221;default&#8221; background_color=&#8221;#ffffff&#8221; background_color_opacity=&#8221;1&#8243; background_hover_color_opacity=&#8221;1&#8243; column_backdrop_filter=&#8221;none&#8221; column_shadow=&#8221;none&#8221; column_border_radius=&#8221;15px&#8221; column_link_target=&#8221;_self&#8221; overflow=&#8221;visible&#8221; gradient_direction=&#8221;left_to_right&#8221; overlay_strength=&#8221;0.3&#8243; width=&#8221;1\/2&#8243; tablet_width_inherit=&#8221;default&#8221; animation_type=&#8221;default&#8221; bg_image_animation=&#8221;none&#8221; border_type=&#8221;simple&#8221; column_border_width=&#8221;none&#8221; column_border_style=&#8221;solid&#8221; column_padding_type=&#8221;default&#8221; gradient_type=&#8221;default&#8221;][vc_custom_heading text=&#8221;KITA Villa Koala&#8221; use_theme_fonts=&#8221;yes&#8221; css=&#8221;&#8221;][vc_column_text css=&#8221;&#8221; text_direction=&#8221;default&#8221;]<strong>Mo \u2013 Fr 7:30\u201315:00<br \/>\n<\/strong><strong>F\u00fcr Kinder von 3 Monaten bis 3 Jahren<\/strong>[\/vc_column_text][nectar_btn size=&#8221;jumbo&#8221; button_style=&#8221;regular&#8221; button_color_2=&#8221;Accent-Color&#8221; icon_family=&#8221;none&#8221; text=&#8221;Iscrizione&#8221; url=&#8221;https:\/\/paideias.it\/it\/iscrizione\/&#8221;][vc_gallery css=&#8221;&#8221; type=&#8221;flickity_style&#8221; images=&#8221;1029,1031,1019,1021,1023,1027&#8243; flickity_spacing=&#8221;5px&#8221; flickity_controls=&#8221;pagination&#8221; flickity_overflow=&#8221;hidden&#8221; flickity_wrap_around=&#8221;wrap&#8221; flickity_desktop_columns=&#8221;2&#8243; flickity_small_desktop_columns=&#8221;1&#8243; flickity_tablet_columns=&#8221;1&#8243; flickity_phone_columns=&#8221;1&#8243; flickity_free_scroll=&#8221;true&#8221; flickity_box_shadow=&#8221;none&#8221; image_loading=&#8221;default&#8221; onclick=&#8221;link_image&#8221; img_size=&#8221;600&#215;600&#8243;][vc_column_text css=&#8221;&#8221; text_direction=&#8221;default&#8221;]La nostra microstruttura Villa Koala a Lana \u00e8 stata completata nel 2021. I locali possono ospitare fino a 15 bambini.[\/vc_column_text][divider line_type=&#8221;No Line&#8221; custom_height=&#8221;30&#8243;][\/vc_column_inner][vc_column_inner column_padding=&#8221;padding-4-percent&#8221; column_padding_tablet=&#8221;inherit&#8221; column_padding_phone=&#8221;inherit&#8221; column_padding_position=&#8221;all&#8221; column_element_direction_desktop=&#8221;default&#8221; column_element_spacing=&#8221;default&#8221; desktop_text_alignment=&#8221;default&#8221; tablet_text_alignment=&#8221;default&#8221; phone_text_alignment=&#8221;default&#8221; background_color=&#8221;#ffffff&#8221; background_color_opacity=&#8221;1&#8243; background_hover_color_opacity=&#8221;1&#8243; column_backdrop_filter=&#8221;none&#8221; column_shadow=&#8221;none&#8221; column_border_radius=&#8221;15px&#8221; column_link_target=&#8221;_self&#8221; overflow=&#8221;visible&#8221; gradient_direction=&#8221;left_to_right&#8221; overlay_strength=&#8221;0.3&#8243; width=&#8221;1\/2&#8243; tablet_width_inherit=&#8221;default&#8221; animation_type=&#8221;default&#8221; bg_image_animation=&#8221;none&#8221; border_type=&#8221;simple&#8221; column_border_width=&#8221;none&#8221; column_border_style=&#8221;solid&#8221; column_padding_type=&#8221;default&#8221; gradient_type=&#8221;default&#8221;][vc_custom_heading text=&#8221;KITA Villa Dino&#8221; use_theme_fonts=&#8221;yes&#8221; css=&#8221;&#8221;][vc_column_text css=&#8221;&#8221; text_direction=&#8221;default&#8221;]<strong>Mo \u2013 Fr 7:30\u201315:00<br \/>\n<\/strong><strong>F\u00fcr Kinder von 3 Monaten bis 3 Jahren<\/strong>[\/vc_column_text][nectar_btn size=&#8221;jumbo&#8221; button_style=&#8221;regular&#8221; button_color_2=&#8221;Accent-Color&#8221; icon_family=&#8221;none&#8221; text=&#8221;Iscrizione&#8221; url=&#8221;https:\/\/paideias.it\/it\/iscrizione\/&#8221;][vc_gallery css=&#8221;&#8221; type=&#8221;flickity_style&#8221; images=&#8221;1724,1725,1726,1727,1728&#8243; flickity_spacing=&#8221;5px&#8221; flickity_controls=&#8221;pagination&#8221; flickity_overflow=&#8221;hidden&#8221; flickity_wrap_around=&#8221;wrap&#8221; flickity_desktop_columns=&#8221;2&#8243; flickity_small_desktop_columns=&#8221;1&#8243; flickity_tablet_columns=&#8221;1&#8243; flickity_phone_columns=&#8221;1&#8243; flickity_free_scroll=&#8221;true&#8221; flickity_box_shadow=&#8221;none&#8221; image_loading=&#8221;default&#8221; onclick=&#8221;link_image&#8221; img_size=&#8221;600&#215;600&#8243;][vc_column_text css=&#8221;&#8221; text_direction=&#8221;default&#8221;]La nostra nuovissima microstruttura Villa Dino a Lana aprir\u00e0 a dicembre 2025.[\/vc_column_text][divider line_type=&#8221;No Line&#8221; custom_height=&#8221;30&#8243;][\/vc_column_inner][\/vc_row_inner][vc_row_inner column_margin=&#8221;30px&#8221; column_direction=&#8221;default&#8221; column_direction_tablet=&#8221;default&#8221; column_direction_phone=&#8221;default&#8221; text_align=&#8221;left&#8221; row_position=&#8221;default&#8221; row_position_tablet=&#8221;inherit&#8221; row_position_phone=&#8221;inherit&#8221; overflow=&#8221;visible&#8221; pointer_events=&#8221;all&#8221;][vc_column_inner column_padding=&#8221;padding-4-percent&#8221; column_padding_tablet=&#8221;inherit&#8221; column_padding_phone=&#8221;inherit&#8221; column_padding_position=&#8221;all&#8221; column_element_direction_desktop=&#8221;default&#8221; column_element_spacing=&#8221;default&#8221; desktop_text_alignment=&#8221;default&#8221; tablet_text_alignment=&#8221;default&#8221; phone_text_alignment=&#8221;default&#8221; background_color=&#8221;#ffffff&#8221; background_color_opacity=&#8221;1&#8243; background_hover_color_opacity=&#8221;1&#8243; column_backdrop_filter=&#8221;none&#8221; column_shadow=&#8221;none&#8221; column_border_radius=&#8221;15px&#8221; column_link_target=&#8221;_self&#8221; overflow=&#8221;visible&#8221; gradient_direction=&#8221;left_to_right&#8221; overlay_strength=&#8221;0.3&#8243; width=&#8221;1\/2&#8243; tablet_width_inherit=&#8221;default&#8221; animation_type=&#8221;default&#8221; bg_image_animation=&#8221;none&#8221; border_type=&#8221;simple&#8221; column_border_width=&#8221;none&#8221; column_border_style=&#8221;solid&#8221; column_padding_type=&#8221;default&#8221; gradient_type=&#8221;default&#8221;][vc_custom_heading text=&#8221;Informazioni e iscrizione&#8221; use_theme_fonts=&#8221;yes&#8221; css=&#8221;&#8221;][divider line_type=&#8221;No Line&#8221; custom_height=&#8221;30&#8243;][vc_column_text css=&#8221;&#8221; text_direction=&#8221;default&#8221;]<strong>Denisa Zaimi<\/strong><br \/>\n<strong>Presidente Paideias<br \/>\n<\/strong>Tel. 328 406 78 47<\/p>\n<p><a href=\"mailto:info@paideias.it\">info@paideias.it<\/a><br \/>\n<a href=\"mailto:denisa@paideias.it\">denisa@paideias.it<\/a><br \/>\n<a href=\"mailto:paideias@pec.it\">paideias@pec.it<\/a><\/p>\n<p><strong>Lisi Egger<\/strong><br \/>\n<strong>Direttrice Paideias<br \/>\n<\/strong>Tel. 389 543 12 54<\/p>\n<p><a href=\"mailto:info@paideias.it\">info@paideias.it<\/a>[\/vc_column_text][\/vc_column_inner][\/vc_row_inner][\/vc_column][\/vc_row][vc_row type=&#8221;in_container&#8221; full_screen_row_position=&#8221;middle&#8221; column_margin=&#8221;default&#8221; column_direction=&#8221;default&#8221; column_direction_tablet=&#8221;default&#8221; column_direction_phone=&#8221;default&#8221; scene_position=&#8221;center&#8221; text_color=&#8221;dark&#8221; text_align=&#8221;left&#8221; row_border_radius=&#8221;none&#8221; row_border_radius_applies=&#8221;bg&#8221; overflow=&#8221;visible&#8221; overlay_strength=&#8221;0.3&#8243; gradient_direction=&#8221;left_to_right&#8221; shape_divider_position=&#8221;bottom&#8221; bg_image_animation=&#8221;none&#8221;][vc_column column_padding=&#8221;no-extra-padding&#8221; column_padding_tablet=&#8221;inherit&#8221; column_padding_phone=&#8221;inherit&#8221; column_padding_position=&#8221;all&#8221; column_element_direction_desktop=&#8221;default&#8221; column_element_spacing=&#8221;default&#8221; desktop_text_alignment=&#8221;default&#8221; tablet_text_alignment=&#8221;default&#8221; phone_text_alignment=&#8221;default&#8221; background_color_opacity=&#8221;1&#8243; background_hover_color_opacity=&#8221;1&#8243; column_backdrop_filter=&#8221;none&#8221; column_shadow=&#8221;none&#8221; column_border_radius=&#8221;none&#8221; column_link_target=&#8221;_self&#8221; column_position=&#8221;default&#8221; gradient_direction=&#8221;left_to_right&#8221; overlay_strength=&#8221;0.3&#8243; width=&#8221;1\/1&#8243; tablet_width_inherit=&#8221;default&#8221; animation_type=&#8221;default&#8221; bg_image_animation=&#8221;none&#8221; border_type=&#8221;simple&#8221; column_border_width=&#8221;none&#8221; column_border_style=&#8221;solid&#8221;][nectar_global_section id=&#8221;562&#8243;][\/vc_column][\/vc_row]\n","protected":false},"excerpt":{"rendered":"<p>[vc_row type=&#8221;full_width_content&#8221; full_screen_row_position=&#8221;middle&#8221; column_margin=&#8221;default&#8221; column_direction=&#8221;default&#8221; column_direction_tablet=&#8221;default&#8221; column_direction_phone=&#8221;default&#8221; scene_position=&#8221;center&#8221; text_color=&#8221;dark&#8221; text_align=&#8221;left&#8221; row_border_radius=&#8221;none&#8221; row_border_radius_applies=&#8221;bg&#8221; overflow=&#8221;visible&#8221; overlay_strength=&#8221;0.3&#8243; gradient_direction=&#8221;left_to_right&#8221; shape_divider_position=&#8221;bottom&#8221; bg_image_animation=&#8221;none&#8221; gradient_type=&#8221;default&#8221; shape_type=&#8221;&#8221;][vc_column column_padding=&#8221;no-extra-padding&#8221; column_padding_tablet=&#8221;inherit&#8221; column_padding_phone=&#8221;inherit&#8221; column_padding_position=&#8221;all&#8221; column_element_direction_desktop=&#8221;default&#8221; column_element_spacing=&#8221;default&#8221; desktop_text_alignment=&#8221;default&#8221; tablet_text_alignment=&#8221;default&#8221; phone_text_alignment=&#8221;default&#8221; background_color_opacity=&#8221;1&#8243; background_hover_color_opacity=&#8221;1&#8243;&#8230;<\/p>\n","protected":false},"author":2,"featured_media":0,"parent":0,"menu_order":2,"comment_status":"closed","ping_status":"closed","template":"","meta":{"footnotes":""},"class_list":["post-810","page","type-page","status-publish"],"yoast_head":"<!-- This site is optimized with the Yoast SEO plugin v27.4 - https:\/\/yoast.com\/product\/yoast-seo-wordpress\/ -->\n<title>La cooperativa Paideias - Microstrutture<\/title>\n<meta name=\"description\" content=\"La cooperativa sociale Paideias gestisce sei microstrutture, di cui due a San Michele\/Appiano e uno a San Paolo, Andriano e due Lana.\" \/>\n<meta name=\"robots\" content=\"index, follow, max-snippet:-1, max-image-preview:large, max-video-preview:-1\" \/>\n<link rel=\"canonical\" href=\"https:\/\/paideias.it\/it\/microstrutture\/\" \/>\n<meta property=\"og:locale\" content=\"it_IT\" \/>\n<meta property=\"og:type\" content=\"article\" \/>\n<meta property=\"og:title\" content=\"La cooperativa Paideias - Microstrutture\" \/>\n<meta property=\"og:description\" content=\"La cooperativa sociale Paideias gestisce sei microstrutture, di cui due a San Michele\/Appiano e uno a San Paolo, Andriano e due Lana.\" \/>\n<meta property=\"og:url\" content=\"https:\/\/paideias.it\/it\/microstrutture\/\" \/>\n<meta property=\"og:site_name\" content=\"Sozialgenossenschaft Paideias\" \/>\n<meta property=\"article:publisher\" content=\"https:\/\/www.facebook.com\/paideiasonlus\" \/>\n<meta property=\"article:modified_time\" content=\"2025-12-10T09:41:11+00:00\" \/>\n<meta property=\"og:image\" content=\"https:\/\/paideias.it\/wp\/wp-content\/uploads\/2024\/11\/Kinderbetreuung-paideias-05.jpg\" \/>\n\t<meta property=\"og:image:width\" content=\"1600\" \/>\n\t<meta property=\"og:image:height\" content=\"1200\" \/>\n\t<meta property=\"og:image:type\" content=\"image\/jpeg\" \/>\n<meta name=\"twitter:card\" content=\"summary_large_image\" \/>\n<meta name=\"twitter:label1\" content=\"Tempo di lettura stimato\" \/>\n\t<meta name=\"twitter:data1\" content=\"2 minuti\" \/>\n<script type=\"application\/ld+json\" class=\"yoast-schema-graph\">{\"@context\":\"https:\\\/\\\/schema.org\",\"@graph\":[{\"@type\":\"WebPage\",\"@id\":\"https:\\\/\\\/paideias.it\\\/it\\\/microstrutture\\\/\",\"url\":\"https:\\\/\\\/paideias.it\\\/it\\\/microstrutture\\\/\",\"name\":\"La cooperativa Paideias - Microstrutture\",\"isPartOf\":{\"@id\":\"https:\\\/\\\/paideias.it\\\/it\\\/#website\"},\"datePublished\":\"2023-10-19T07:29:02+00:00\",\"dateModified\":\"2025-12-10T09:41:11+00:00\",\"description\":\"La cooperativa sociale Paideias gestisce sei microstrutture, di cui due a San Michele\\\/Appiano e uno a San Paolo, Andriano e due Lana.\",\"breadcrumb\":{\"@id\":\"https:\\\/\\\/paideias.it\\\/it\\\/microstrutture\\\/#breadcrumb\"},\"inLanguage\":\"it-IT\",\"potentialAction\":[{\"@type\":\"ReadAction\",\"target\":[\"https:\\\/\\\/paideias.it\\\/it\\\/microstrutture\\\/\"]}]},{\"@type\":\"BreadcrumbList\",\"@id\":\"https:\\\/\\\/paideias.it\\\/it\\\/microstrutture\\\/#breadcrumb\",\"itemListElement\":[{\"@type\":\"ListItem\",\"position\":1,\"name\":\"Startseite\",\"item\":\"https:\\\/\\\/paideias.it\\\/it\\\/casa\\\/\"},{\"@type\":\"ListItem\",\"position\":2,\"name\":\"Microstrutture\"}]},{\"@type\":\"WebSite\",\"@id\":\"https:\\\/\\\/paideias.it\\\/it\\\/#website\",\"url\":\"https:\\\/\\\/paideias.it\\\/it\\\/\",\"name\":\"Sozialgenossenschaft Paideias\",\"description\":\"Kindertagesst\u00e4tten\",\"publisher\":{\"@id\":\"https:\\\/\\\/paideias.it\\\/it\\\/#organization\"},\"potentialAction\":[{\"@type\":\"SearchAction\",\"target\":{\"@type\":\"EntryPoint\",\"urlTemplate\":\"https:\\\/\\\/paideias.it\\\/it\\\/?s={search_term_string}\"},\"query-input\":{\"@type\":\"PropertyValueSpecification\",\"valueRequired\":true,\"valueName\":\"search_term_string\"}}],\"inLanguage\":\"it-IT\"},{\"@type\":\"Organization\",\"@id\":\"https:\\\/\\\/paideias.it\\\/it\\\/#organization\",\"name\":\"Sozialgenossenschaft Paideias\",\"url\":\"https:\\\/\\\/paideias.it\\\/it\\\/\",\"logo\":{\"@type\":\"ImageObject\",\"inLanguage\":\"it-IT\",\"@id\":\"https:\\\/\\\/paideias.it\\\/it\\\/#\\\/schema\\\/logo\\\/image\\\/\",\"url\":\"https:\\\/\\\/paideias.it\\\/wp\\\/wp-content\\\/uploads\\\/2024\\\/11\\\/Paideias-Logo-2x.png\",\"contentUrl\":\"https:\\\/\\\/paideias.it\\\/wp\\\/wp-content\\\/uploads\\\/2024\\\/11\\\/Paideias-Logo-2x.png\",\"width\":500,\"height\":500,\"caption\":\"Sozialgenossenschaft Paideias\"},\"image\":{\"@id\":\"https:\\\/\\\/paideias.it\\\/it\\\/#\\\/schema\\\/logo\\\/image\\\/\"},\"sameAs\":[\"https:\\\/\\\/www.facebook.com\\\/paideiasonlus\",\"https:\\\/\\\/www.instagram.com\\\/paideias\\\/\"]}]}<\/script>\n<!-- \/ Yoast SEO plugin. -->","yoast_head_json":{"title":"La cooperativa Paideias - Microstrutture","description":"La cooperativa sociale Paideias gestisce sei microstrutture, di cui due a San Michele\/Appiano e uno a San Paolo, Andriano e due Lana.","robots":{"index":"index","follow":"follow","max-snippet":"max-snippet:-1","max-image-preview":"max-image-preview:large","max-video-preview":"max-video-preview:-1"},"canonical":"https:\/\/paideias.it\/it\/microstrutture\/","og_locale":"it_IT","og_type":"article","og_title":"La cooperativa Paideias - Microstrutture","og_description":"La cooperativa sociale Paideias gestisce sei microstrutture, di cui due a San Michele\/Appiano e uno a San Paolo, Andriano e due Lana.","og_url":"https:\/\/paideias.it\/it\/microstrutture\/","og_site_name":"Sozialgenossenschaft Paideias","article_publisher":"https:\/\/www.facebook.com\/paideiasonlus","article_modified_time":"2025-12-10T09:41:11+00:00","og_image":[{"width":1600,"height":1200,"url":"https:\/\/paideias.it\/wp\/wp-content\/uploads\/2024\/11\/Kinderbetreuung-paideias-05.jpg","type":"image\/jpeg"}],"twitter_card":"summary_large_image","twitter_misc":{"Tempo di lettura stimato":"2 minuti"},"schema":{"@context":"https:\/\/schema.org","@graph":[{"@type":"WebPage","@id":"https:\/\/paideias.it\/it\/microstrutture\/","url":"https:\/\/paideias.it\/it\/microstrutture\/","name":"La cooperativa Paideias - Microstrutture","isPartOf":{"@id":"https:\/\/paideias.it\/it\/#website"},"datePublished":"2023-10-19T07:29:02+00:00","dateModified":"2025-12-10T09:41:11+00:00","description":"La cooperativa sociale Paideias gestisce sei microstrutture, di cui due a San Michele\/Appiano e uno a San Paolo, Andriano e due Lana.","breadcrumb":{"@id":"https:\/\/paideias.it\/it\/microstrutture\/#breadcrumb"},"inLanguage":"it-IT","potentialAction":[{"@type":"ReadAction","target":["https:\/\/paideias.it\/it\/microstrutture\/"]}]},{"@type":"BreadcrumbList","@id":"https:\/\/paideias.it\/it\/microstrutture\/#breadcrumb","itemListElement":[{"@type":"ListItem","position":1,"name":"Startseite","item":"https:\/\/paideias.it\/it\/casa\/"},{"@type":"ListItem","position":2,"name":"Microstrutture"}]},{"@type":"WebSite","@id":"https:\/\/paideias.it\/it\/#website","url":"https:\/\/paideias.it\/it\/","name":"Sozialgenossenschaft Paideias","description":"Kindertagesst\u00e4tten","publisher":{"@id":"https:\/\/paideias.it\/it\/#organization"},"potentialAction":[{"@type":"SearchAction","target":{"@type":"EntryPoint","urlTemplate":"https:\/\/paideias.it\/it\/?s={search_term_string}"},"query-input":{"@type":"PropertyValueSpecification","valueRequired":true,"valueName":"search_term_string"}}],"inLanguage":"it-IT"},{"@type":"Organization","@id":"https:\/\/paideias.it\/it\/#organization","name":"Sozialgenossenschaft Paideias","url":"https:\/\/paideias.it\/it\/","logo":{"@type":"ImageObject","inLanguage":"it-IT","@id":"https:\/\/paideias.it\/it\/#\/schema\/logo\/image\/","url":"https:\/\/paideias.it\/wp\/wp-content\/uploads\/2024\/11\/Paideias-Logo-2x.png","contentUrl":"https:\/\/paideias.it\/wp\/wp-content\/uploads\/2024\/11\/Paideias-Logo-2x.png","width":500,"height":500,"caption":"Sozialgenossenschaft Paideias"},"image":{"@id":"https:\/\/paideias.it\/it\/#\/schema\/logo\/image\/"},"sameAs":["https:\/\/www.facebook.com\/paideiasonlus","https:\/\/www.instagram.com\/paideias\/"]}]}},"_links":{"self":[{"href":"https:\/\/paideias.it\/it\/wp-json\/wp\/v2\/pages\/810","targetHints":{"allow":["GET"]}}],"collection":[{"href":"https:\/\/paideias.it\/it\/wp-json\/wp\/v2\/pages"}],"about":[{"href":"https:\/\/paideias.it\/it\/wp-json\/wp\/v2\/types\/page"}],"author":[{"embeddable":true,"href":"https:\/\/paideias.it\/it\/wp-json\/wp\/v2\/users\/2"}],"replies":[{"embeddable":true,"href":"https:\/\/paideias.it\/it\/wp-json\/wp\/v2\/comments?post=810"}],"version-history":[{"count":51,"href":"https:\/\/paideias.it\/it\/wp-json\/wp\/v2\/pages\/810\/revisions"}],"predecessor-version":[{"id":1742,"href":"https:\/\/paideias.it\/it\/wp-json\/wp\/v2\/pages\/810\/revisions\/1742"}],"wp:attachment":[{"href":"https:\/\/paideias.it\/it\/wp-json\/wp\/v2\/media?parent=810"}],"curies":[{"name":"wp","href":"https:\/\/api.w.org\/{rel}","templated":true}]}}